{"id":7374,"date":"2024-06-18T15:05:55","date_gmt":"2024-06-18T13:05:55","guid":{"rendered":"https:\/\/intercommerce.si\/izdelek\/tesa-4964-doppelseitiges-klebeband-mit-gewebetraeger\/"},"modified":"2024-06-18T15:05:55","modified_gmt":"2024-06-18T13:05:55","slug":"tesa-4964-doppelseitiges-klebeband-mit-gewebetraeger","status":"publish","type":"product","link":"https:\/\/intercommerce.si\/de\/produkt\/tesa-4964-doppelseitiges-klebeband-mit-gewebetraeger\/","title":{"rendered":"tesa\u00ae 4964 \u2013 doppelseitiges Klebeband mit Gewebetr\u00e4ger"},"content":{"rendered":"<p>Eigenschaften des tesa\u00ae 4964 Klebebands:<\/p>\n<p>Das doppelseitige Klebeband mit Gewebeunterlage tesa\u00ae 4964 wird zur Befestigung und zum endlosen Verkleben von Stoffballen, Papier und Folie verwendet. Es ist auch als Verlegeband f\u00fcr Bodenbel\u00e4ge und als Montagehilfe n\u00fctzlich. Vor der Anwendung sollte ein Test auf der Zieloberfl\u00e4che durchgef\u00fchrt werden.  <\/p>\n","protected":false},"excerpt":{"rendered":"tesa\u00ae 4964 besteht aus einem flexiblen, rei\u00dffesten Gewebe mit einem Kautschuk-Klebesystem. Mit seiner dicken Klebstoffschicht ist es sehr gut f\u00fcr die Montage auf unregelm\u00e4\u00dfigen Oberfl\u00e4chen geeignet. Das Klebeband tesa\u00ae 4964 l\u00e4sst sich in den meisten F\u00e4llen ohne Klebstoffr\u00fcckst\u00e4nde entfernen.  ","protected":false},"featured_media":1888,"template":"","meta":{"_acf_changed":false,"inline_featured_image":false},"product_cat":[1813,1823,1846,1847,1848],"product_tag":[],"class_list":{"0":"post-7374","1":"product","2":"type-product","3":"status-publish","4":"has-post-thumbnail","6":"product_cat-artikel","7":"product_cat-verpackungsmaterialien","8":"product_cat-klebebander","9":"product_cat-tesa-de","10":"product_cat-tesa-klebebander","11":"pa_aplikacija-handbuch","12":"pa_barva-weis-mit-braunem-silikonisiertem-papier","13":"pa_navitje-na-roli-m-50-de","14":"pa_nosilec-stoff","15":"pa_sirina-mm-15-de","16":"pa_sirina-mm-19-de","17":"pa_sirina-mm-25-de","18":"pa_sirina-mm-50-de","19":"pa_st-izdelkov-v-skatli-36-de","20":"pa_st-izdelkov-v-skatli-72-de","21":"pa_st-izdelkov-v-skatli-96-de","22":"pa_vrsta-lepila-liege","24":"first","25":"instock","26":"product-type-simple"},"acf":[],"gallery_images":[1889,1890],"_links":{"self":[{"href":"https:\/\/intercommerce.si\/de\/wp-json\/wp\/v2\/product\/7374","targetHints":{"allow":["GET"]}}],"collection":[{"href":"https:\/\/intercommerce.si\/de\/wp-json\/wp\/v2\/product"}],"about":[{"href":"https:\/\/intercommerce.si\/de\/wp-json\/wp\/v2\/types\/product"}],"wp:featuredmedia":[{"embeddable":true,"href":"https:\/\/intercommerce.si\/de\/wp-json\/wp\/v2\/media\/1888"}],"wp:attachment":[{"href":"https:\/\/intercommerce.si\/de\/wp-json\/wp\/v2\/media?parent=7374"}],"wp:term":[{"taxonomy":"product_cat","embeddable":true,"href":"https:\/\/intercommerce.si\/de\/wp-json\/wp\/v2\/product_cat?post=7374"},{"taxonomy":"product_tag","embeddable":true,"href":"https:\/\/intercommerce.si\/de\/wp-json\/wp\/v2\/product_tag?post=7374"}],"curies":[{"name":"wp","href":"https:\/\/api.w.org\/{rel}","templated":true}]}}